{"id":1837,"date":"2017-05-11T21:43:59","date_gmt":"2017-05-11T19:43:59","guid":{"rendered":"http:\/\/ktcsormland.se\/?page_id=1837"},"modified":"2019-02-05T20:29:47","modified_gmt":"2019-02-05T19:29:47","slug":"reseskildring-irak-2017-04-26","status":"publish","type":"page","link":"https:\/\/ktcsormland.se\/?page_id=1837","title":{"rendered":"Reseskildring Irak 2017-04-26"},"content":{"rendered":"<h3><span style=\"line-height: 115%; font-family: 'Times New Roman','serif'; font-size: 12pt;\"><span style=\"color: #000000;\">&#8221; KTC:s vistelse i Irak \u00e4r nu avslutad f\u00f6r denna g\u00e5ng. Farlighetsaspekten blev s\u00e5 pass h\u00f6g trots riskmedvetenhet och t\u00e4nk. V\u00e5r bed\u00f6mning var att strikt h\u00e5lla oss till v\u00e5r planering i alla avseenden, d\u00e4refter avsluta och \u00e5ka tillbaka till Sverige vilket vi ocks\u00e5 gjorde.<\/span><\/span><\/h3>\n<h5><span style=\"color: #000000;\">Jag, min tolk till h\u00f6ger samt Klanledaren f\u00f6r 260 familjer, till v\u00e4nster om mig.<\/span><\/h5>\n<p><a href=\"https:\/\/ktcsormland.se\/?attachment_id=1845\" rel=\"attachment wp-att-1845\"><img loading=\"lazy\" decoding=\"async\" class=\"alignleft size-medium wp-image-1845\" src=\"http:\/\/media.ktcsormland.se\/2017\/05\/IMG_1679-300x225.jpg\" alt=\"\" width=\"300\" height=\"225\" srcset=\"http:\/\/media.ktcsormland.se\/2017\/05\/IMG_1679-300x225.jpg 300w, http:\/\/media.ktcsormland.se\/2017\/05\/IMG_1679.jpg 640w\" sizes=\"auto, (max-width: 300px) 100vw, 300px\" \/><\/a><\/p>\n<p><span style=\"line-height: 115%; font-family: 'Times New Roman','serif'; font-size: 12pt;\"><span style=\"color: #000000;\">Vi hade tv\u00e5 huvudsyften med resan. Att \u00e4gna tid \u00e5t att f\u00f6rs\u00f6ka hj\u00e4lpa och f\u00f6rst\u00e5 flyktingarna i ett Ezidiskt flyktingl\u00e4ger utifr\u00e5n ett psykologiskt perspektiv, och utifr\u00e5n det kunna bist\u00e5 med psykologiska avlastningssamtal. Inneh\u00e5llet i samtalen var vidriga, flykten fr\u00e5n Shengalbergen med Daesh efter sig. F\u00f6rst\u00e5elsen f\u00f6r Daesh grymheter kr\u00f6p betydligt n\u00e4rmare. Det skulle senare visa sig att det skulle komma \u00e4nnu n\u00e4rmare oss.<\/span><\/span><\/p>\n<h3><span style=\"line-height: 115%; font-family: 'Times New Roman','serif'; font-size: 12pt;\"><span style=\"color: #000000;\">Det som rymdes inom v\u00e5r korta tid d\u00e4r var n\u00e5gra avlastningssamtal med kvinnor i grupp, samt en enkel planering om hur de kan g\u00e5 vidare med sj\u00e4lvhj\u00e4lp. Man f\u00e5r helt enkelt g\u00f6ra det b\u00e4sta av det.<\/span><\/span><\/h3>\n<h3><span style=\"line-height: 115%; font-family: 'Times New Roman','serif'; font-size: 12pt;\"><span style=\"color: #000000;\">Vi lyckades uppfylla deras h\u00f6gsta praktiska \u00f6nskan, en symaskin, s\u00e5 vi k\u00f6pte tv\u00e5 symaskiner och \u00f6verl\u00e4mnade dem personligen. Synen och idag minnena av deras miner g\u00e5r inte att beskriva. Korruptionen \u00e4r s\u00e5 h\u00f6g, givet i ett land med p\u00e5g\u00e5ende krig, s\u00e5 vi ville utf\u00f6ra saker p\u00e5 egen hand, personligen. Risken att n\u00e5got skall f\u00f6rsvinna p\u00e5 v\u00e4gen \u00e4r v\u00e4ldigt stor.<\/span><\/span><\/h3>\n<p><a href=\"https:\/\/ktcsormland.se\/?attachment_id=1844\" rel=\"attachment wp-att-1844\"><img loading=\"lazy\" decoding=\"async\" class=\"alignleft wp-image-1844\" src=\"http:\/\/media.ktcsormland.se\/2017\/05\/IMG_1681-300x225.jpg\" alt=\"\" width=\"201\" height=\"151\" srcset=\"http:\/\/media.ktcsormland.se\/2017\/05\/IMG_1681-300x225.jpg 300w, http:\/\/media.ktcsormland.se\/2017\/05\/IMG_1681.jpg 640w\" sizes=\"auto, (max-width: 201px) 100vw, 201px\" \/><\/a><\/p>\n<h3><span style=\"line-height: 115%; font-family: 'Times New Roman','serif'; font-size: 12pt;\"><span style=\"color: #000000;\">V\u00e5r andra intention var att inventera i vilken grad PTSD-problematik f\u00f6rekom och eventuell variation mellan olika omr\u00e5den. Resultatet var f\u00f6ga f\u00f6rv\u00e5nande, i lugnare omr\u00e5den \u00f6kade PTSD-problematik medan det i oroliga omr\u00e5den \u00e4nnu inte hade hunnit etablera sig. Dock m\u00e5r ju en stor del av Iraks befolkning mycket d\u00e5ligt psykiskt, ingen hj\u00e4lp i n\u00e5gon form att tillg\u00e5, vare sig psykiskt eller somatiskt.<\/span><\/span><\/h3>\n<h3><span style=\"line-height: 115%; font-family: 'Times New Roman','serif'; font-size: 12pt;\"><span style=\"color: #000000;\">Vid bes\u00f6k i n\u00e4stan alla testugor och h\u00f6rn uppstod diskussioner, f\u00f6rfr\u00e5gan om minsta lilla psykologisk hj\u00e4lp, s\u00e5 det blir f\u00f6rst\u00e5s v\u00e4ldigt p\u00e5tagligt.<\/span><\/span><\/h3>\n<h3><span style=\"line-height: 115%; font-family: 'Times New Roman','serif'; font-size: 12pt;\"><span style=\"color: #000000;\">Vid bes\u00f6k i tv\u00e5 st\u00e4der, Halabja och Kirkuk tappade vi v\u00e5rt s\u00e4kerhetst\u00e4nk n\u00e5got och utsatte oss f\u00f6r on\u00f6diga risker. Halabja \u00e4r fundamentalistiskt och sunnimuslimer finns i stor grad. Detta inneb\u00e4r automatiskt att IS-infiltrat\u00f6rer, informat\u00f6rer och anh\u00e4ngare finns i bybefolkningen och kan ange personer till IS och f\u00e5 bra betalt.<\/span><\/span><\/h3>\n<p><a href=\"https:\/\/ktcsormland.se\/?attachment_id=1851\" rel=\"attachment wp-att-1851\"><img loading=\"lazy\" decoding=\"async\" class=\"alignleft size-medium wp-image-1851\" src=\"http:\/\/media.ktcsormland.se\/2017\/05\/IMG_1592-1-300x184.jpg\" alt=\"\" width=\"300\" height=\"184\" srcset=\"http:\/\/media.ktcsormland.se\/2017\/05\/IMG_1592-1-300x184.jpg 300w, http:\/\/media.ktcsormland.se\/2017\/05\/IMG_1592-1.jpg 632w\" sizes=\"auto, (max-width: 300px) 100vw, 300px\" \/><br \/>\n<\/a><\/p>\n<h3><span style=\"line-height: 115%; font-family: 'Times New Roman','serif'; font-size: 12pt;\"><span style=\"color: #000000;\">I Kirkuk p\u00e5gick regelr\u00e4tta strider, fullst\u00e4ndigt on\u00f6digt p\u00e5 ett s\u00e4tt att \u00e5ka dit, \u00e5 andra sidan, befolkningen som \u00e4r fast d\u00e4r d\u00e5? Vi kom i alla fall undan p\u00e5 h\u00e5ret och det k\u00e4nns v\u00e4ldigt overkligt att sitta h\u00e4r i Nyk\u00f6ping i Sverige och skriva detta. F\u00f6rfr\u00e5gan om att s\u00f6ka pengar fr\u00e5n st\u00f6rre hj\u00e4lporganisation uttrycktes, KTC skulle ha den praktiska kapaciteten, men de funderingarna f\u00e5r v\u00e4nta lite. &#8221;<\/span><\/span><\/h3>\n<p><span style=\"line-height: 115%; font-family: 'Times New Roman','serif'; font-size: 12pt;\"><span style=\"color: #000000;\">Alla dessa bilder, b\u00e5de fruktansv\u00e4rda men ocks\u00e5 vanliga, handlar om gasattacken mot byn Halabja men \u00e4ven mot flera byar. Gasen som anv\u00e4ndes var Sarin samt \u00e4ven senapsgas.<br \/>\n<\/span><span style=\"color: #000000;\"> Att inte publicera dem vore en skymf mot Kurderna, dessa martyrer. Bilderna inneh\u00e5ller original d\u00f6dsattester fr\u00e5n Sadam Hussein samt hans s\u00f6ner, repet som Chemical Ali h\u00e4ngdes i, bilder som dokumenterades av de f\u00f6rsta journalisterna som kom in i staden. Den kameran finns \u00e4ven bevarad d\u00e4r.<br \/>\nDetta &#8221;land utan land&#8221;. Deras bergsgerilla, Peshmerga, skulle KTC kunna skriva en bok om. De \u00e4r \u00e4ven av Daesh fruktade, de fruktades av Sadam, de respekteras och beundras av alla och KTC \u00e4r \u00e4rade att f\u00e5 ha tr\u00e4ffat dem och blivit accepterade som deras v\u00e4nner. Vid tiden f\u00f6r v\u00e5rt bes\u00f6k f\u00f6rsvarade de Kirkuk tv\u00e5 g\u00e5nger, varav en g\u00e5ng obehagligt n\u00e4ra oss.<\/span><\/span><\/p>\n<h4><span style=\"font-size: 12pt;\"><em><span style=\"line-height: 115%; font-family: 'Times New Roman','serif';\"><span style=\"color: #000000;\">Niko Laine<\/span><\/span><\/em><\/span><\/h4>\n<h4><span style=\"font-size: 12pt;\"><em><span style=\"line-height: 115%; font-family: 'Times New Roman','serif';\"><span style=\"color: #000000;\">Leg. psykoterapeut och handledare i kognitiv psykoterapi<\/span><\/span><\/em><\/span><\/h4>\n<p><a href=\"https:\/\/ktcsormland.se\/?attachment_id=1846\" rel=\"attachment wp-att-1846\"><img loading=\"lazy\" decoding=\"async\" class=\"alignleft wp-image-1846\" src=\"http:\/\/media.ktcsormland.se\/2017\/05\/IMG_1559-300x225.jpg\" alt=\"\" width=\"247\" height=\"185\" srcset=\"http:\/\/media.ktcsormland.se\/2017\/05\/IMG_1559-300x225.jpg 300w, http:\/\/media.ktcsormland.se\/2017\/05\/IMG_1559.jpg 640w\" sizes=\"auto, (max-width: 247px) 100vw, 247px\" \/><\/a><\/p>\n<p><span style=\"line-height: 115%; font-family: 'Times New Roman','serif'; font-size: 12pt;\"><span style=\"color: #000000;\">\u00a0<\/span><\/span><\/p>\n","protected":false},"excerpt":{"rendered":"<p>&#8221; KTC:s vistelse i Irak \u00e4r nu avslutad f\u00f6r denna g\u00e5ng. Farlighetsaspekten blev s\u00e5 pass h\u00f6g trots riskmedvetenhet och t\u00e4nk. V\u00e5r bed\u00f6mning var att strikt h\u00e5lla oss till v\u00e5r planering i alla avseenden, d\u00e4refter avsluta och \u00e5ka tillbaka till Sverige &hellip; <a href=\"https:\/\/ktcsormland.se\/?page_id=1837\">Forts\u00e4tt l\u00e4sa <span class=\"meta-nav\">&rarr;<\/span><\/a><\/p>\n","protected":false},"author":1,"featured_media":0,"parent":0,"menu_order":0,"comment_status":"closed","ping_status":"closed","template":"","meta":{"footnotes":""},"class_list":["post-1837","page","type-page","status-publish","hentry"],"_links":{"self":[{"href":"https:\/\/ktcsormland.se\/index.php?rest_route=\/wp\/v2\/pages\/1837","targetHints":{"allow":["GET"]}}],"collection":[{"href":"https:\/\/ktcsormland.se\/index.php?rest_route=\/wp\/v2\/pages"}],"about":[{"href":"https:\/\/ktcsormland.se\/index.php?rest_route=\/wp\/v2\/types\/page"}],"author":[{"embeddable":true,"href":"https:\/\/ktcsormland.se\/index.php?rest_route=\/wp\/v2\/users\/1"}],"replies":[{"embeddable":true,"href":"https:\/\/ktcsormland.se\/index.php?rest_route=%2Fwp%2Fv2%2Fcomments&post=1837"}],"version-history":[{"count":17,"href":"https:\/\/ktcsormland.se\/index.php?rest_route=\/wp\/v2\/pages\/1837\/revisions"}],"predecessor-version":[{"id":2354,"href":"https:\/\/ktcsormland.se\/index.php?rest_route=\/wp\/v2\/pages\/1837\/revisions\/2354"}],"wp:attachment":[{"href":"https:\/\/ktcsormland.se\/index.php?rest_route=%2Fwp%2Fv2%2Fmedia&parent=1837"}],"curies":[{"name":"wp","href":"https:\/\/api.w.org\/{rel}","templated":true}]}}